{"id":3,"date":"2021-02-18T11:40:00","date_gmt":"2021-02-18T10:40:00","guid":{"rendered":"https:\/\/biz.prawko.pl\/portal\/?page_id=3"},"modified":"2025-08-26T13:54:31","modified_gmt":"2025-08-26T11:54:31","slug":"polityka-prywatnosci","status":"publish","type":"page","link":"https:\/\/biz.prawko.pl\/portal\/polityka-prywatnosci\/","title":{"rendered":"Polityka prywatno\u015bci"},"content":{"rendered":"\n<section class=\"wp-block-uagb-section uagb-section__wrap uagb-section__background-undefined uagb-block-998b1da3\"><div class=\"uagb-section__overlay\"><\/div><div class=\"uagb-section__inner-wrap\">\n<p><b>POLITYKA PRYWATNO\u015aCI <\/b><b>E-KIEROWCA SP. Z O.O. SP. K.<\/b><\/p>\n<p>Celem niniejszej polityki prywatno\u015bci (dalej: <b>Polityka<\/b>) jest okre\u015blenie zasad i warunk\u00f3w przetwarzania danych osobowych pochodz\u0105cych od os\u00f3b fizycznych (dalej: <b>U\u017cytkownik<\/b>), a tak\u017ce danych osobowych innych os\u00f3b, w tym naszych partner\u00f3w biznesowych i os\u00f3b ich reprezentuj\u0105cych, kandydat\u00f3w do pracy i os\u00f3b, kt\u00f3re kontaktuj\u0105 si\u0119 z nami w innych sprawach, przekazywanych drog\u0105 pocztow\u0105, elektroniczn\u0105, telefoniczn\u0105, osobi\u015bcie w siedzibie Administratora lub w jakikolwiek inny spos\u00f3b.\u00a0<\/p>\n<p>Polityka zawiera r\u00f3wnie\u017c informacje dotycz\u0105ce uprawnie\u0144 os\u00f3b fizycznych w odniesieniu do przetwarzania ich danych osobowych.<\/p>\n<p><b>Administrator danych osobowych\u00a0<\/b><\/p>\n<p>Administratorem danych osobowych jest e-kierowca Sp. z o. o. Sp. k. ul. Mieszka I 31, 71-011 Szczecin, wpisana do rejestru przedsi\u0119biorc\u00f3w prowadzonego przez S\u0105d Rejonowy Szczecin-Centrum w Szczecinie, XIII Wydzia\u0142 Gospodarczy Krajowego Rejestru S\u0105dowego pod numerem KRS 0000385224, NIP: 8522588278, REGON: 320996032 (<b>Sp\u00f3\u0142ka<\/b> lub <b>Administrator<\/b>).\u00a0<\/p>\n<p>Przetwarzamy Pa\u0144stwa dane osobowe zgodnie z Rozporz\u0105dzeniem Parlamentu Europejskiego i Rady (UE) 2016\/679 z dnia 27 kwietnia 2016 r. w sprawie ochrony os\u00f3b fizycznych w zwi\u0105zku z przetwarzaniem danych osobowych i w sprawie swobodnego przep\u0142ywu takich danych oraz uchylenia dyrektywy 95\/46\/WE (og\u00f3lne rozporz\u0105dzenie o ochronie danych; Dz.U.UE.L.2016.119.1; dalej <b>RODO<\/b>).<\/p>\n<p>Polityka dotyczy serwis\u00f3w internetowych prowadzonych przez Administratora pod adresami (<b>Serwisy internetowe<\/b>):<\/p>\n<p><a href=\"https:\/\/www.e-kierowca.pl\/\">https:\/\/www.e-kierowca.pl\/<\/a>\u00a0<\/p>\n<p><a href=\"https:\/\/prawko.pl\/\">https:\/\/prawko.pl\/<\/a>\u00a0<\/p>\n<p><a href=\"https:\/\/kierowca.pl\/\">https:\/\/kierowca.pl\/<\/a>\u00a0<\/p>\n<p><a href=\"https:\/\/biz.prawko.pl\/portal\/\">https:\/\/biz.prawko.pl\/portal\/<\/a>\u00a0<\/p>\n<p><a href=\"https:\/\/www.szkola-jazdy.pl\/\">https:\/\/www.szkola-jazdy.pl\/<\/a>\u00a0<\/p>\n<p><a href=\"https:\/\/prawojazdy.com.pl\/\">https:\/\/prawojazdy.com.pl\/<\/a><\/p>\n<p><b>Kontakt z Administratorem<\/b><\/p>\n<p>We wszelkich sprawach zwi\u0105zanych z przetwarzaniem danych osobowych mo\u017cecie si\u0119 Pa\u0144stwo skontaktowa\u0107 z Inspektorem ochrony danych wyznaczonym w Sp\u00f3\u0142ce poprzez przes\u0142anie wiadomo\u015bci na adres poczty elektronicznej, ww. adres siedziby Sp\u00f3\u0142ki b\u0105d\u017a telefonicznie.\u00a0<\/p>\n<p>Inspektor ochrony danych: Tomasz Szybowski, e-mail: pomoc@e-kierowca.pl.<\/p>\n<p><b>Cele i podstawy prawne przetwarzania danych osobowych, okres przechowywania danych<\/b><\/p>\n<ul>\n<li aria-level=\"1\"><b>Kontakt w sprawach zwi\u0105zanych z dzia\u0142alno\u015bci\u0105 Sp\u00f3\u0142ki drog\u0105 elektroniczn\u0105, poczt\u0105 tradycyjn\u0105, poprzez formularz kontaktowy i chat:<\/b><\/li>\n<\/ul>\n<ul>\n<li aria-level=\"2\">Przetwarzamy Pa\u0144stwa dane kontaktowe i inne dane podane w tre\u015bci korespondencji, pozyskane bezpo\u015brednio od nadawcy wiadomo\u015bci.\u00a0<\/li>\n<li aria-level=\"2\">Przetwarzamy Pa\u0144stwa dane w celu realizacji prawnie uzasadnionego interesu Administratora (art. 6 ust. 1 lit. f) RODO), polegaj\u0105cego na:<\/li>\n<\/ul>\n<ol>\n<li aria-level=\"3\">obs\u0142udze bie\u017c\u0105cych kontakt\u00f3w, w tym rozpatrywaniu zapyta\u0144 i udzielaniu na nie odpowiedzi,<\/li>\n<li aria-level=\"3\">ustaleniu, dochodzeniu i obronie przed roszczeniami.<\/li>\n<\/ol>\n<ul>\n<li aria-level=\"2\">Podanie danych osobowych jest dobrowolne, jednak niezb\u0119dne w celu udzielenia odpowiedzi. Odmowa podania danych osobowych b\u0119dzie skutkowa\u0142a brakiem mo\u017cliwo\u015bci obs\u0142ugi przes\u0142anej wiadomo\u015bci i tym samym jej usuni\u0119ciem.<\/li>\n<li aria-level=\"2\">Dane osobowe s\u0105 przechowywane:<\/li>\n<\/ul>\n<ol>\n<li aria-level=\"1\">w przypadku kontaktu przy pomocy poczty elektronicznej, poczty tradycyjnej lub w inny spos\u00f3b \u2013 dane osobowe b\u0119d\u0105 przetwarzane przez czas obs\u0142ugi przes\u0142anej do nas wiadomo\u015bci;<\/li>\n<li aria-level=\"1\">w przypadku, gdy dane b\u0119d\u0105 przetwarzane dla potrzeb ustalenia, dochodzenia lub obrony przed roszczeniami, b\u0119d\u0105 przechowywane przez okres niezb\u0119dny do realizacji tego celu.<\/li>\n<\/ol>\n<ul>\n<li aria-level=\"1\"><b>Otrzymywanie newslettera i innych tre\u015bci marketingowych drog\u0105 elektroniczn\u0105 lub telefoniczn\u0105<\/b><\/li>\n<\/ul>\n<ul>\n<li aria-level=\"2\">W przypadku wyra\u017cenia zgody na otrzymywanie od nas tre\u015bci marketingowych, przetwarzamy dane osobowe U\u017cytkownik\u00f3w niezb\u0119dne do dokonania takiej wysy\u0142ki, tj. podany adres e-mail i\/lub numer telefonu.\u00a0<\/li>\n<li aria-level=\"2\">Przetwarzamy dane U\u017cytkownik\u00f3w w celu realizacji prawnie uzasadnionego interesu Administratora (art. 6 ust. 1 lit. f) RODO), polegaj\u0105cego na realizacji dzia\u0142a\u0144 marketingowych w postaci wysy\u0142ki zam\u00f3wionych informacji handlowych wobec os\u00f3b, kt\u00f3re wyrazi\u0142y cho\u0107by jedn\u0105 z poni\u017cszych zg\u00f3d:\n<ol>\n<li aria-level=\"3\">zgod\u0119 na otrzymywanie informacji handlowych w postaci bezp\u0142atnego newslettera (zawieraj\u0105cego w szczeg\u00f3lno\u015bci informacje o promocjach cenowych) poczt\u0105 elektroniczn\u0105,<\/li>\n<li aria-level=\"3\">zgod\u0119 na otrzymywanie w ramach newslettera informacji handlowych dotycz\u0105cych podmiot\u00f3w trzecich, b\u0119d\u0105cych naszymi partnerami biznesowymi.<\/li>\n<\/ol>\n<\/li>\n<li aria-level=\"2\">Podanie adresu e-mail jest dobrowolne, jednak niezb\u0119dne dla wysy\u0142ki newslettera lub innych tre\u015bci marketingowych.\u00a0<\/li>\n<li aria-level=\"2\">Wyra\u017cenie zgody jest dobrowolne, a z jej niewyra\u017ceniem nie wi\u0105\u017c\u0105 si\u0119 \u017cadne negatywne konsekwencje. U\u017cytkownik ma prawo wycofa\u0107 wyra\u017con\u0105 zgod\u0119 bez wp\u0142ywu na zgodno\u015b\u0107 z prawem przetwarzania oraz wysy\u0142ki tre\u015bci marketingowych dokonanych na podstawie zgody przed jej wycofaniem.\u00a0<\/li>\n<\/ul>\n<p>Dane osobowe s\u0105 przechowywane do czasu wycofania zgody na otrzymywanie newslettera lub innych tre\u015bci marketingowych, skutecznego z\u0142o\u017cenia sprzeciwu wobec dzia\u0142a\u0144 marketingowych lub do czasu ustania naszego interesu w prowadzeniu takich dzia\u0142a\u0144.<\/p>\n<ul>\n<li aria-level=\"1\"><b>Korzystanie z naszych portali spo\u0142eczno\u015bciowych<\/b><\/li>\n<\/ul>\n<ul>\n<li aria-level=\"2\">Poniewa\u017c chcemy by\u0107 z Pa\u0144stwem w sta\u0142ym kontakcie, posiadamy konta w portalach spo\u0142eczno\u015bciowych, gdzie mo\u017cna nas odwiedzi\u0107 i wej\u015b\u0107 z nami w interakcj\u0119 (np. zostawi\u0107 komentarz, polubi\u0107 post czy go udost\u0119pni\u0107). W takim przypadku dochodzi do przetwarzania Pa\u0144stwa danych osobowych. Szczeg\u00f3\u0142y dotycz\u0105ce przetwarzania danych w ramach portali spo\u0142eczno\u015bciowych znajduj\u0105 si\u0119 <a href=\"https:\/\/biz.prawko.pl\/portal\/polityka-prywatnosci-dotyczaca-mediow-spolecznosciowych\/\">tutaj<\/a>.<\/li>\n<\/ul>\n<ul>\n<li aria-level=\"1\"><b>\u015awiadczenie us\u0142ug na rzecz klient\u00f3w Administratora, b\u0119d\u0105cych osobami fizycznymi\u00a0<\/b><\/li>\n<\/ul>\n<ul>\n<li aria-level=\"2\">Je\u015bli s\u0105 Pa\u0144stwo stron\u0105 zawartej z nami umowy w celu skorzystania z us\u0142ug oferowanych osobom fizycznym w Serwisach internetowych prowadzonych przez Administratora lub zamierzacie j\u0105 Pa\u0144stwo zawrze\u0107, dane, kt\u00f3re przetwarzamy na Pa\u0144stwa temat, stanowi\u0105 dane kontaktowe oraz inne dane niezb\u0119dne do \u015bwiadczenia wybranych us\u0142ug. Dane te zosta\u0142y pozyskane bezpo\u015brednio od Pa\u0144stwa.\u00a0<\/li>\n<li aria-level=\"2\">Przetwarzamy Pa\u0144stwa dane w nast\u0119puj\u0105cych celach i w oparciu o nast\u0119puj\u0105ce podstawy prawne:<\/li>\n<\/ul>\n<ol>\n<li aria-level=\"1\">nawi\u0105zania wsp\u00f3\u0142pracy oraz zawarcia i wykonania \u0142\u0105cz\u0105cej nas umowy (art. 6 ust. 1 lit. b RODO),\u00a0<\/li>\n<li aria-level=\"1\">prowadzenia dokumentacji rachunkowej Administratora dotycz\u0105cej wsp\u00f3\u0142pracy, zgodnie z obowi\u0105zkiem prawnym spoczywaj\u0105cym na Administratorze (art. 6 ust. 1 lit. c) RODO), wynikaj\u0105cym w szczeg\u00f3lno\u015bci z ustawy z dnia 29 sierpnia 1997 r. Ordynacja podatkowa, ustawy z dnia 29 wrze\u015bnia 1994 r. o rachunkowo\u015bci i ustawy z dnia 11 marca 2004 r. o podatku od towar\u00f3w i us\u0142ug,<\/li>\n<li aria-level=\"1\">realizacji prawnie uzasadnionego interesu Administratora (art. 6 ust. 1 lit. f) RODO), polegaj\u0105cego na: prowadzeniu czynno\u015bci sk\u0142adaj\u0105cych si\u0119 na usprawnienie i koordynacj\u0119 pracy Administratora, w tym prowadzenie wewn\u0119trznych rejestr\u00f3w (np. ewidencjonowanie korespondencji), ustaleniu, dochodzeniu i obronie przed roszczeniami.<\/li>\n<\/ol>\n<ul>\n<li aria-level=\"2\">Podanie danych jest warunkiem zawarcia umowy, a ich niepodanie b\u0119dzie skutkowa\u0142o brakiem mo\u017cliwo\u015bci jej zawarcia i wykonania.\u00a0<\/li>\n<li aria-level=\"2\">Dane osobowe s\u0105 przechowywane przez okres niezb\u0119dny do realizacji us\u0142ug i ich rozliczenia, a tak\u017ce do up\u0142ywu okres\u00f3w wynikaj\u0105cych z odpowiednich przepis\u00f3w prawa (tj. do up\u0142ywu okresu przedawnienia zobowi\u0105za\u0144 podatkowych zwi\u0105zanych z dokumentacj\u0105 rachunkow\u0105), co mo\u017ce by\u0107 w stosownych wypadkach przed\u0142u\u017cone o okres przedawnienia roszcze\u0144 cywilnoprawnych.\u00a0<\/li>\n<\/ul>\n<ul>\n<li aria-level=\"1\"><b>Wsp\u00f3\u0142praca z partnerami biznesowymi<\/b><\/li>\n<\/ul>\n<ul>\n<li aria-level=\"2\">Je\u015bli s\u0105 Pa\u0144stwo stron\u0105 zawartej z nami umowy lub zamierzacie j\u0105 Pa\u0144stwo zawrze\u0107, dane, kt\u00f3re przetwarzamy na Pa\u0144stwa temat, stanowi\u0105 dane kontaktowe oraz inne dane niezb\u0119dne do zawarcia i realizacji umowy. Dane te zosta\u0142y pozyskane bezpo\u015brednio od Pa\u0144stwa. Mo\u017cemy pozyskiwa\u0107 lub weryfikowa\u0107 Pa\u0144stwa dane tak\u017ce przy pomocy og\u00f3lnodost\u0119pnych rejestr\u00f3w (np. CEIDG, KRS).<\/li>\n<li aria-level=\"2\">Przetwarzamy Pa\u0144stwa dane w nast\u0119puj\u0105cych celach i w oparciu o nast\u0119puj\u0105ce podstawy prawne:<\/li>\n<\/ul>\n<ol>\n<li aria-level=\"1\">nawi\u0105zania wsp\u00f3\u0142pracy oraz zawarcia i wykonania \u0142\u0105cz\u0105cej nas umowy (art. 6 ust. 1 lit. b RODO),\u00a0<\/li>\n<li aria-level=\"1\">prowadzenia dokumentacji rachunkowej Administratora dotycz\u0105cej wsp\u00f3\u0142pracy, zgodnie z obowi\u0105zkiem prawnym spoczywaj\u0105cym na Administratorze (art. 6 ust. 1 lit. c RODO), wynikaj\u0105cym w szczeg\u00f3lno\u015bci z ustawy z dnia 29 sierpnia 1997 r. Ordynacja podatkowa, ustawy z dnia 29 wrze\u015bnia 1994 r. o rachunkowo\u015bci i ustawy z dnia 11 marca 2004 r. o podatku od towar\u00f3w i us\u0142ug,<\/li>\n<li aria-level=\"1\">realizacji prawnie uzasadnionego interesu Administratora (art. 6 ust. 1 lit. f RODO), polegaj\u0105cego na: <br \/>prowadzeniu czynno\u015bci sk\u0142adaj\u0105cych si\u0119 na usprawnienie i koordynacj\u0119 pracy Administratora, w tym prowadzenie wewn\u0119trznych rejestr\u00f3w (np. ewidencjonowanie korespondencji), ustaleniu, dochodzeniu i obronie przed roszczeniami.<\/li>\n<\/ol>\n<ul>\n<li aria-level=\"2\">Podanie danych jest warunkiem zawarcia umowy, a ich niepodanie b\u0119dzie skutkowa\u0142o brakiem mo\u017cliwo\u015bci jej zawarcia i wykonania.\u00a0<\/li>\n<li aria-level=\"2\">Dane osobowe s\u0105 przechowywane przez okres niezb\u0119dny do realizacji i rozliczenia istniej\u0105cej wsp\u00f3\u0142pracy lub nawi\u0105zania wsp\u00f3\u0142pracy w przysz\u0142o\u015bci, a tak\u017ce do up\u0142ywu okres\u00f3w wynikaj\u0105cych z odpowiednich przepis\u00f3w prawa (tj. do up\u0142ywu okresu przedawnienia zobowi\u0105za\u0144 podatkowych zwi\u0105zanych z dokumentacj\u0105 rachunkow\u0105), co mo\u017ce by\u0107 w stosownych wypadkach przed\u0142u\u017cone o okres przedawnienia roszcze\u0144 cywilnoprawnych. W przypadku, gdy nie dojdzie do nawi\u0105zania z wsp\u00f3\u0142pracy, dane osobowe b\u0119d\u0105 przechowywane do czasu podj\u0119cia decyzji o braku wsp\u00f3\u0142pracy.<\/li>\n<\/ul>\n<ul>\n<li aria-level=\"1\"><b>Osoby reprezentuj\u0105ce, osoby kontaktowe, pracownicy i pe\u0142nomocnicy naszych Klient\u00f3w lub partner\u00f3w biznesowych<\/b><\/li>\n<\/ul>\n<ul>\n<li aria-level=\"2\">Przetwarzamy Pa\u0144stwa dane kontaktowe i dane zwi\u0105zane z pe\u0142nion\u0105 funkcj\u0105 lub relacj\u0105 z podmiotem, w imieniu kt\u00f3rego Pa\u0144stwo wyst\u0119pujecie (standardowo s\u0105 to: imi\u0119, nazwisko, stanowisko, miejsce pracy, s\u0142u\u017cbowy adres e-mail i s\u0142u\u017cbowy numer telefonu, ewentualnie tak\u017ce informacje wskazuj\u0105ce na umocowanie do reprezentacji podmiotu). Dane te pozyskali\u015bmy bezpo\u015brednio od Pa\u0144stwa lub otrzymali\u015bmy je od podmiotu, w imieniu kt\u00f3rego Pa\u0144stwo dzia\u0142acie. Mo\u017cemy pozyskiwa\u0107 lub weryfikowa\u0107 Pa\u0144stwa dane tak\u017ce przy pomocy og\u00f3lnodost\u0119pnych rejestr\u00f3w (np. KRS).<\/li>\n<li aria-level=\"2\">Przetwarzamy Pa\u0144stwa dane w nast\u0119puj\u0105cych celach i w oparciu o nast\u0119puj\u0105ce podstawy prawne:<\/li>\n<\/ul>\n<ol>\n<li aria-level=\"1\">realizacji prawnie uzasadnionego interesu Administratora (art. 6 ust. 1 lit. f RODO), polegaj\u0105cego na: <br \/>zapewnieniu informacji i kontakt\u00f3w niezb\u0119dnych do prowadzenia dzia\u0142alno\u015bci gospodarczej, w tym nawi\u0105zania i realizacji wsp\u00f3\u0142pracy z podmiotem, w imieniu kt\u00f3rego Pa\u0144stwo wyst\u0119pujecie, jak r\u00f3wnie\u017c obs\u0142ugi i realizacji podejmowanych przez Pa\u0144stwa czynno\u015bci,<br \/>prowadzenia czynno\u015bci sk\u0142adaj\u0105cych si\u0119 na usprawnienie i koordynacj\u0119 pracy Administratora, w tym prowadzenie wewn\u0119trznych rejestr\u00f3w (np. ewidencjonowanie korespondencji),<br \/>ustaleniu, dochodzeniu i obronie przed roszczeniami.<br \/>realizacji spoczywaj\u0105cych na nas obowi\u0105zk\u00f3w prawnych (art. 6 ust. 1 lit. c RODO), w tym obowi\u0105zku prowadzenia dokumentacji rachunkowej dotycz\u0105cej wsp\u00f3\u0142pracy z podmiotem, w imieniu kt\u00f3rego wyst\u0119pujesz, zgodnie z ustaw\u0105 z dnia 29 sierpnia 1997 r. Ordynacja podatkowa, ustaw\u0105 z dnia 29 wrze\u015bnia 1994 r. o rachunkowo\u015bci i ustaw\u0105 z dnia 11 marca 2004 r. o podatku od towar\u00f3w i us\u0142ug<\/li>\n<\/ol>\n<ul>\n<li aria-level=\"2\">Podanie danych jest dobrowolne, jednak ich niepodanie b\u0119dzie skutkowa\u0142o brakiem mo\u017cliwo\u015bci realizacji wsp\u00f3\u0142pracy z podmiotem, w imieniu kt\u00f3rego Pa\u0144stwo wyst\u0119pujecie.<\/li>\n<li aria-level=\"2\">Dane osobowe s\u0105 przechowywane przez okres niezb\u0119dny do realizacji i rozliczenia istniej\u0105cej wsp\u00f3\u0142pracy lub nawi\u0105zania wsp\u00f3\u0142pracy w przysz\u0142o\u015bci, a tak\u017ce do up\u0142ywu okres\u00f3w wynikaj\u0105cych z odpowiednich przepis\u00f3w prawa (tj. do up\u0142ywu okresu przedawnienia zobowi\u0105za\u0144 podatkowych zwi\u0105zanych z dokumentacj\u0105 rachunkow\u0105), co mo\u017ce by\u0107 w stosownych wypadkach przed\u0142u\u017cone o okres przedawnienia roszcze\u0144 cywilnoprawnych. W przypadku, gdy nie dojdzie do nawi\u0105zania z wsp\u00f3\u0142pracy, dane osobowe b\u0119d\u0105 przechowywane do czasu podj\u0119cia decyzji o braku wsp\u00f3\u0142pracy.<\/li>\n<\/ul>\n<ul>\n<li aria-level=\"1\"><b>Udzia\u0142 w rekrutacji<\/b><\/li>\n<\/ul>\n<ol>\n<li aria-level=\"2\"><b>Je\u015bli odpowiadacie Pa\u0144stwo na nasz\u0105 ofert\u0119 pracy:<\/b><\/li>\n<\/ol>\n<ul>\n<li aria-level=\"2\">Przetwarzamy Pa\u0144stwa dane w celu przeprowadzenia procesu rekrutacji na wskazane w og\u0142oszeniu stanowisko i wyboru odpowiedniej osoby do zatrudnienia, w tym oceny kwalifikacji, zdolno\u015bci i umiej\u0119tno\u015bci kandydata do pracy. Dane te pozyskujemy bezpo\u015brednio od Pa\u0144stwa.<\/li>\n<li aria-level=\"2\">Podstaw\u0105 prawn\u0105 przetwarzania danych osobowych w zakresie wynikaj\u0105cym z art. 22(1) Kodeksu pracy jest nasz obowi\u0105zek prawny (art. 6 ust. 1 lit. c) RODO); w przypadku podania przez Pa\u0144stwa danych osobowych w zakresie szerszym ni\u017c okre\u015blony w przepisach prawa pracy, podstaw\u0105 prawn\u0105 ich przetwarzania w ww. celu jest Pa\u0144stwa zgoda (art. 6 ust. 1 lit. a) RODO). Nie \u017c\u0105damy dostarczenia takich danych, jednak ich dostarczenie traktujemy jako r\u00f3wnoznaczne z wyra\u017ceniem zgody na ich przetwarzanie.<\/li>\n<li aria-level=\"2\">Podanie danych osobowych jest dobrowolne. Brak podania danych mo\u017ce jednak uniemo\u017cliwi\u0107 wzi\u0119cie udzia\u0142u w rekrutacji.<\/li>\n<li aria-level=\"2\">Dane osobowe s\u0105 przechowywane do czasu zako\u0144czenia procesu rekrutacji, w kt\u00f3rym zosta\u0142y zebrane, lub do czasu wycofania Pa\u0144stwa zgody (w zale\u017cno\u015bci od tego, co nast\u0105pi pierwsze).<\/li>\n<\/ul>\n<ul>\n<li aria-level=\"2\"><b>Je\u015bli dostarczacie nam Pa\u0144stwo swoj\u0105 aplikacj\u0119, lecz aktualnie nie prowadzimy rekrutacji:<\/b><\/li>\n<\/ul>\n<ul>\n<li aria-level=\"2\">Pa\u0144stwa dane osobowe przetwarzane s\u0105 w celu przeprowadzenia przysz\u0142ych proces\u00f3w rekrutacji i wyboru odpowiedniej osoby do zatrudnienia na wolnym stanowisku, w tym oceny kwalifikacji, zdolno\u015bci i umiej\u0119tno\u015bci kandydata do pracy.\u00a0<\/li>\n<li aria-level=\"2\">Podstaw\u0105 prawn\u0105 przetwarzania danych osobowych na potrzeby przysz\u0142ych rekrutacji jest Pa\u0144stwa zgoda (art. 6 ust. 1 lit. a RODO). Przes\u0142anie do nas dokument\u00f3w aplikacyjnych traktujemy jako r\u00f3wnoznaczne z wyra\u017ceniem zgody na przetwarzanie danych w nich zawartych.<\/li>\n<li aria-level=\"2\">Podanie danych osobowych jest dobrowolne. Brak podania danych mo\u017ce jednak uniemo\u017cliwi\u0107 wzi\u0119cie udzia\u0142u w przysz\u0142ych rekrutacjach.<\/li>\n<li aria-level=\"2\">Dane osobowe s\u0105 przechowywane przez okres 1 roku, o ile wcze\u015bniej zgoda nie zostanie wycofana.<\/li>\n<\/ul>\n<ul>\n<li aria-level=\"1\"><b>Korzystanie z praw przys\u0142uguj\u0105cych zgodnie z przepisami RODO<\/b><\/li>\n<\/ul>\n<ul>\n<li aria-level=\"2\">Przetwarzamy dane dostarczone przez Pa\u0144stwa w celu rozpatrzenia przes\u0142anego \u017c\u0105dania w kontek\u015bcie realizacji praw przys\u0142uguj\u0105cych zgodnie z przepisami RODO, jak r\u00f3wnie\u017c dane przez nas posiadane, niezb\u0119dne do jego rozpatrzenia.\u00a0<\/li>\n<li aria-level=\"2\">Przetwarzamy Pa\u0144stwa dane w nast\u0119puj\u0105cych celach i w oparciu o nast\u0119puj\u0105ce podstawy prawne:<\/li>\n<\/ul>\n<ol>\n<li aria-level=\"1\">rozpatrzenia zg\u0142oszenia dotycz\u0105cego danych osobowych, zgodnie z obowi\u0105zkiem prawnym spoczywaj\u0105cym na Administratorze (art. 6 ust. 1 lit. c) RODO), wynikaj\u0105cym z przepis\u00f3w RODO, w tym przeprowadzenia weryfikacji to\u017csamo\u015bci osoby zg\u0142aszaj\u0105cej \u017c\u0105danie,<\/li>\n<li aria-level=\"1\">realizacji prawnie uzasadnionego interesu Administratora (art. 6 ust. 1 lit. f) RODO), polegaj\u0105cego na ustaleniu, dochodzeniu i obronie przed roszczeniami, a tak\u017ce obs\u0142udze ewentualnych post\u0119powa\u0144 administracyjnych zwi\u0105zanych z realizacj\u0105 praw os\u00f3b, kt\u00f3rych dane dotycz\u0105.<\/li>\n<\/ol>\n<ul>\n<li aria-level=\"2\">Podanie danych jest konieczne do rozpatrzenia przes\u0142anego zg\u0142oszenia, a ich niepodanie b\u0119dzie skutkowa\u0142o brakiem mo\u017cliwo\u015bci jego rozpatrzenia.<\/li>\n<li aria-level=\"2\">Dane przechowywane s\u0105 do up\u0142ywu okresu przedawnienia roszcze\u0144 os\u00f3b, kt\u00f3rych dane dotycz\u0105, wynikaj\u0105cych z realizacji ich praw na podstawie art. 12-22 RODO (tj. okres przedawnienia roszcze\u0144 o naruszenie d\u00f3br osobistych), a tak\u017ce przez okres niezb\u0119dny do obs\u0142ugi ewentualnych post\u0119powa\u0144 administracyjnych zwi\u0105zanych z realizacj\u0105 praw os\u00f3b, kt\u00f3rych dane dotycz\u0105.<\/li>\n<\/ul>\n<p><b>Odbiorcy danych osobowych<\/b><\/p>\n<p><span style=\"color: #000000;\"><span style=\"font-family: arial, sans-serif;\">Odbiorcami Pa\u0144stwa danych osobowych, w zale\u017cno\u015bci od celu ich przetwarzania, s\u0105 sp\u00f3\u0142ki powi\u0105zane, podwykonawcy, poczta, firmy kurierskie, ubezpieczyciele, banki, firmy przewozowe oraz inne podmioty \u015bwiadcz\u0105ce us\u0142ugi na nasz\u0105 rzecz (w szczeg\u00f3lno\u015bci firmy \u015bwiadcz\u0105ce us\u0142ugi IT i wsparcia technicznego, wsp\u00f3\u0142pracuj\u0105ce kancelarie prawne i podatkowe, firmy marketingowe, audytorzy zewn\u0119trzni i inne podmioty wykonuj\u0105ce dla nas us\u0142ugi), kt\u00f3re musz\u0105 mie\u0107 dost\u0119p do danych, aby wykonywa\u0107 swoje obowi\u0105zki. Podmioty te b\u0119d\u0105 mia\u0142y dost\u0119p do danych tylko i<b> wy\u0142\u0105cznie w celu realizacji zada\u0144 w zakresie do tego niezb\u0119dnym.<\/b><\/span><\/span><\/p>\n<p><span style=\"color: #000000;\"><span style=\"font-family: arial, sans-serif;\">Dost\u0119p do Pa\u0144stwa danych mog\u0105 mie\u0107 r\u00f3wnie\u017c <b>uprawnione z mocy prawa do tego organy <\/b>pa\u0144stwowe, w szczeg\u00f3lno\u015bci urz\u0119dy skarbowe.<\/span><\/span><\/p>\n<p><b>Przys\u0142uguj\u0105ce Pa\u0144stwu prawa<\/b><\/p>\n<p>Przys\u0142uguje Pa\u0144stwu prawo do:<\/p>\n<ul>\n<li aria-level=\"1\">\u017c\u0105dania dost\u0119pu do swoich danych osobowych, ich sprostowania, usuni\u0119cia lub ograniczenia przetwarzania, a tak\u017ce prawo do przenoszenia danych,<\/li>\n<li aria-level=\"1\">w przypadku, gdy podstaw\u0105 przetwarzania danych osobowych jest nasz prawnie uzasadniony interes \u2013 prawo do wniesienia w dowolnym momencie sprzeciwu wobec przetwarzania danych osobowych z przyczyn zwi\u0105zanych z Pa\u0144stwa szczeg\u00f3ln\u0105 sytuacj\u0105,<\/li>\n<li aria-level=\"1\">w przypadku, gdy podstaw\u0105 przetwarzania danych osobowych jest nasz prawnie uzasadniony interes polegaj\u0105cy na marketingu bezpo\u015brednim \u2013 prawo do wniesienia w dowolnym momencie sprzeciwu wobec przetwarzania danych osobowych na potrzeby realizacji dzia\u0142a\u0144 marketingowych.<\/li>\n<\/ul>\n<p>W przypadku, w kt\u00f3rym zosta\u0142a przez Pa\u0144stwa wyra\u017cona zgoda na przetwarzanie danych osobowych lub na otrzymywanie od nas informacji (np. informacji handlowych), przys\u0142uguje tak\u017ce prawo do cofni\u0119cia wyra\u017conych zg\u00f3d bez wp\u0142ywu na zgodno\u015b\u0107 z prawem przetwarzania lub wysy\u0142ki informacji dokonanych na podstawie zgody przed jej wycofaniem. Je\u015bli b\u0119dziemy zamierzali przetwarza\u0107 Pa\u0144stwa dane w oparciu o zgod\u0119, to uprzednio poinformujemy o tym oraz podejmiemy dzia\u0142ania, by zapewni\u0107 mo\u017cliwo\u015b\u0107 wyra\u017cenia zgody. Wyra\u017cenie zgody zawsze jest dobrowolne, a z jej niewyra\u017ceniem nie wi\u0105\u017c\u0105 si\u0119 \u017cadne negatywne konsekwencje.<\/p>\n<p>W sprawie realizacji przys\u0142uguj\u0105cych praw prosimy o kontakt Inspektorem ochrony danych osobowych: Tomasz Szybowski, e-mail: pomoc@e-kierowca.pl.<\/p>\n<p>Przys\u0142uguje Pa\u0144stwu tak\u017ce prawo do wniesienia skargi do organu nadzorczego \u2013 Prezesa Urz\u0119du Ochrony Danych Osobowych, ul. Stawki 2, 00-193 Warszawa.<\/p>\n<p><a href=\"https:\/\/prawko.pl\/wp-content\/uploads\/2024\/12\/wzor-pisma-wycofanie-danych-osobowych.pdf\">Kliknij i pobierz wz\u00f3r pisma wycofania danych osobowych.<\/a><\/p>\n<p><b>Wykorzystanie danych osobowych do podejmowania zautomatyzowanych decyzji, w tym profilowania<\/b><\/p>\n<p>Pa\u0144stwa dane osobowe nie b\u0119d\u0105 wykorzystywane do podejmowania zautomatyzowanych decyzji, w tym profilowania.<\/p>\n<p><b>Bezpiecze\u0144stwo\u00a0<\/b><\/p>\n<p>Zabezpieczamy Pa\u0144stwa dane osobowe przed bezprawnym ich udost\u0119pnieniem osobom nieupowa\u017cnionym, przej\u0119ciem danych przez osoby nieupowa\u017cnione, zniszczeniem, utrat\u0105, uszkodzeniem lub zmian\u0105 oraz przetwarzaniem danych osobowych w spos\u00f3b niezgodny z przepisami RODO.<\/p>\n<p>W celu zabezpieczenia danych stosujemy \u015brodki techniczne i organizacyjne spe\u0142niaj\u0105ce wymogi RODO, w szczeg\u00f3lno\u015bci \u015brodki wymienione w art. 24 oraz art. 32 RODO, zapewniaj\u0105ce poufno\u015b\u0107, integralno\u015b\u0107 i dost\u0119pno\u015b\u0107 us\u0142ug przetwarzania przekazanych danych osobowych.<\/p>\n<p>Podmioty powi\u0105zane z nami, nasi zaufani partnerzy i zewn\u0119trzni us\u0142ugodawcy zobowi\u0105zali si\u0119 do przetwarzania danych zgodnie z przyj\u0119tymi przez nas wymogami bezpiecze\u0144stwa i ochrony prywatno\u015bci.<\/p>\n<p><b>Zmiany Polityki\u00a0<\/b><\/p>\n<p>Dokonujemy systematycznego przegl\u0105du Polityki, w zwi\u0105zku z czym zastrzegamy sobie prawo do wprowadzania w niej zmian. Je\u017celi dostrzeg\u0105 Pa\u0144stwo, \u017ce tre\u015b\u0107 Polityki wymaga aktualizacji, prosimy o tak\u0105 informacj\u0119.<\/p>\n<p>Data ostatniej aktualizacji Polityki: 13.11.2024 r.<\/p>\n<\/div><\/section>\n","protected":false},"excerpt":{"rendered":"","protected":false},"author":1,"featured_media":0,"parent":0,"menu_order":0,"comment_status":"closed","ping_status":"open","template":"","meta":{"_coblocks_attr":"","_coblocks_dimensions":"","_coblocks_responsive_height":"","_coblocks_accordion_ie_support":"","_uag_custom_page_level_css":"","advgb_blocks_editor_width":"","advgb_blocks_columns_visual_guide":"","neve_meta_sidebar":"","neve_meta_container":"","neve_meta_enable_content_width":"","neve_meta_content_width":0,"neve_meta_title_alignment":"","neve_meta_author_avatar":"","neve_post_elements_order":"","neve_meta_disable_header":"","neve_meta_disable_footer":"","neve_meta_disable_title":"","_themeisle_gutenberg_block_has_review":false,"footnotes":""},"class_list":["post-3","page","type-page","status-publish","hentry"],"yoast_head":"<!-- This site is optimized with the Yoast SEO plugin v24.7 - https:\/\/yoast.com\/wordpress\/plugins\/seo\/ -->\n<title>Polityka prywatno\u015bci Program Biz.prawko.pl<\/title>\n<meta name=\"robots\" content=\"index, follow, max-snippet:-1, max-image-preview:large, max-video-preview:-1\" \/>\n<link rel=\"canonical\" href=\"https:\/\/biz.prawko.pl\/portal\/polityka-prywatnosci\/\" \/>\n<meta property=\"og:locale\" content=\"pl_PL\" \/>\n<meta property=\"og:type\" content=\"article\" \/>\n<meta property=\"og:title\" content=\"Polityka prywatno\u015bci Program Biz.prawko.pl\" \/>\n<meta property=\"og:url\" content=\"https:\/\/biz.prawko.pl\/portal\/polityka-prywatnosci\/\" \/>\n<meta property=\"og:site_name\" content=\"Program Biz.prawko.pl\" \/>\n<meta property=\"article:publisher\" content=\"https:\/\/www.facebook.com\/bizprawkopl\" \/>\n<meta property=\"article:modified_time\" content=\"2025-08-26T11:54:31+00:00\" \/>\n<meta property=\"og:image\" content=\"https:\/\/biz.prawko.pl\/portal\/wp-content\/uploads\/2021\/04\/bizprawko.jpg\" \/>\n\t<meta property=\"og:image:width\" content=\"300\" \/>\n\t<meta property=\"og:image:height\" content=\"300\" \/>\n\t<meta property=\"og:image:type\" content=\"image\/jpeg\" \/>\n<meta name=\"twitter:card\" content=\"summary_large_image\" \/>\n<meta name=\"twitter:label1\" content=\"Szacowany czas czytania\" \/>\n\t<meta name=\"twitter:data1\" content=\"15 minut\" \/>\n<script type=\"application\/ld+json\" class=\"yoast-schema-graph\">{\"@context\":\"https:\/\/schema.org\",\"@graph\":[{\"@type\":\"WebPage\",\"@id\":\"https:\/\/biz.prawko.pl\/portal\/polityka-prywatnosci\/\",\"url\":\"https:\/\/biz.prawko.pl\/portal\/polityka-prywatnosci\/\",\"name\":\"Polityka prywatno\u015bci Program Biz.prawko.pl\",\"isPartOf\":{\"@id\":\"https:\/\/biz.prawko.pl\/portal\/#website\"},\"datePublished\":\"2021-02-18T10:40:00+00:00\",\"dateModified\":\"2025-08-26T11:54:31+00:00\",\"breadcrumb\":{\"@id\":\"https:\/\/biz.prawko.pl\/portal\/polityka-prywatnosci\/#breadcrumb\"},\"inLanguage\":\"pl-PL\",\"potentialAction\":[{\"@type\":\"ReadAction\",\"target\":[\"https:\/\/biz.prawko.pl\/portal\/polityka-prywatnosci\/\"]}]},{\"@type\":\"BreadcrumbList\",\"@id\":\"https:\/\/biz.prawko.pl\/portal\/polityka-prywatnosci\/#breadcrumb\",\"itemListElement\":[{\"@type\":\"ListItem\",\"position\":1,\"name\":\"Strona g\u0142\u00f3wna\",\"item\":\"https:\/\/biz.prawko.pl\/portal\/\"},{\"@type\":\"ListItem\",\"position\":2,\"name\":\"Polityka prywatno\u015bci\"}]},{\"@type\":\"WebSite\",\"@id\":\"https:\/\/biz.prawko.pl\/portal\/#website\",\"url\":\"https:\/\/biz.prawko.pl\/portal\/\",\"name\":\"Program Biz.prawko.pl\",\"description\":\"program dla OSK\",\"publisher\":{\"@id\":\"https:\/\/biz.prawko.pl\/portal\/#organization\"},\"potentialAction\":[{\"@type\":\"SearchAction\",\"target\":{\"@type\":\"EntryPoint\",\"urlTemplate\":\"https:\/\/biz.prawko.pl\/portal\/?s={search_term_string}\"},\"query-input\":{\"@type\":\"PropertyValueSpecification\",\"valueRequired\":true,\"valueName\":\"search_term_string\"}}],\"inLanguage\":\"pl-PL\"},{\"@type\":\"Organization\",\"@id\":\"https:\/\/biz.prawko.pl\/portal\/#organization\",\"name\":\"Biz.prawko.pl\",\"url\":\"https:\/\/biz.prawko.pl\/portal\/\",\"logo\":{\"@type\":\"ImageObject\",\"inLanguage\":\"pl-PL\",\"@id\":\"https:\/\/biz.prawko.pl\/portal\/#\/schema\/logo\/image\/\",\"url\":\"https:\/\/biz.prawko.pl\/portal\/wp-content\/uploads\/2021\/04\/bizprawko.jpg\",\"contentUrl\":\"https:\/\/biz.prawko.pl\/portal\/wp-content\/uploads\/2021\/04\/bizprawko.jpg\",\"width\":300,\"height\":300,\"caption\":\"Biz.prawko.pl\"},\"image\":{\"@id\":\"https:\/\/biz.prawko.pl\/portal\/#\/schema\/logo\/image\/\"},\"sameAs\":[\"https:\/\/www.facebook.com\/bizprawkopl\",\"https:\/\/www.youtube.com\/channel\/UC_WQqwrnXJv_p4Gpu-HPa8g\"]}]}<\/script>\n<!-- \/ Yoast SEO plugin. -->","yoast_head_json":{"title":"Polityka prywatno\u015bci Program Biz.prawko.pl","robots":{"index":"index","follow":"follow","max-snippet":"max-snippet:-1","max-image-preview":"max-image-preview:large","max-video-preview":"max-video-preview:-1"},"canonical":"https:\/\/biz.prawko.pl\/portal\/polityka-prywatnosci\/","og_locale":"pl_PL","og_type":"article","og_title":"Polityka prywatno\u015bci Program Biz.prawko.pl","og_url":"https:\/\/biz.prawko.pl\/portal\/polityka-prywatnosci\/","og_site_name":"Program Biz.prawko.pl","article_publisher":"https:\/\/www.facebook.com\/bizprawkopl","article_modified_time":"2025-08-26T11:54:31+00:00","og_image":[{"width":300,"height":300,"url":"https:\/\/biz.prawko.pl\/portal\/wp-content\/uploads\/2021\/04\/bizprawko.jpg","type":"image\/jpeg"}],"twitter_card":"summary_large_image","twitter_misc":{"Szacowany czas czytania":"15 minut"},"schema":{"@context":"https:\/\/schema.org","@graph":[{"@type":"WebPage","@id":"https:\/\/biz.prawko.pl\/portal\/polityka-prywatnosci\/","url":"https:\/\/biz.prawko.pl\/portal\/polityka-prywatnosci\/","name":"Polityka prywatno\u015bci Program Biz.prawko.pl","isPartOf":{"@id":"https:\/\/biz.prawko.pl\/portal\/#website"},"datePublished":"2021-02-18T10:40:00+00:00","dateModified":"2025-08-26T11:54:31+00:00","breadcrumb":{"@id":"https:\/\/biz.prawko.pl\/portal\/polityka-prywatnosci\/#breadcrumb"},"inLanguage":"pl-PL","potentialAction":[{"@type":"ReadAction","target":["https:\/\/biz.prawko.pl\/portal\/polityka-prywatnosci\/"]}]},{"@type":"BreadcrumbList","@id":"https:\/\/biz.prawko.pl\/portal\/polityka-prywatnosci\/#breadcrumb","itemListElement":[{"@type":"ListItem","position":1,"name":"Strona g\u0142\u00f3wna","item":"https:\/\/biz.prawko.pl\/portal\/"},{"@type":"ListItem","position":2,"name":"Polityka prywatno\u015bci"}]},{"@type":"WebSite","@id":"https:\/\/biz.prawko.pl\/portal\/#website","url":"https:\/\/biz.prawko.pl\/portal\/","name":"Program Biz.prawko.pl","description":"program dla OSK","publisher":{"@id":"https:\/\/biz.prawko.pl\/portal\/#organization"},"potentialAction":[{"@type":"SearchAction","target":{"@type":"EntryPoint","urlTemplate":"https:\/\/biz.prawko.pl\/portal\/?s={search_term_string}"},"query-input":{"@type":"PropertyValueSpecification","valueRequired":true,"valueName":"search_term_string"}}],"inLanguage":"pl-PL"},{"@type":"Organization","@id":"https:\/\/biz.prawko.pl\/portal\/#organization","name":"Biz.prawko.pl","url":"https:\/\/biz.prawko.pl\/portal\/","logo":{"@type":"ImageObject","inLanguage":"pl-PL","@id":"https:\/\/biz.prawko.pl\/portal\/#\/schema\/logo\/image\/","url":"https:\/\/biz.prawko.pl\/portal\/wp-content\/uploads\/2021\/04\/bizprawko.jpg","contentUrl":"https:\/\/biz.prawko.pl\/portal\/wp-content\/uploads\/2021\/04\/bizprawko.jpg","width":300,"height":300,"caption":"Biz.prawko.pl"},"image":{"@id":"https:\/\/biz.prawko.pl\/portal\/#\/schema\/logo\/image\/"},"sameAs":["https:\/\/www.facebook.com\/bizprawkopl","https:\/\/www.youtube.com\/channel\/UC_WQqwrnXJv_p4Gpu-HPa8g"]}]}},"uagb_featured_image_src":{"full":false,"thumbnail":false,"medium":false,"medium_large":false,"large":false,"1536x1536":false,"2048x2048":false,"neve-blog":false},"uagb_author_info":{"display_name":"admin","author_link":"https:\/\/biz.prawko.pl\/portal\/blog\/author\/admin\/"},"uagb_comment_info":0,"uagb_excerpt":null,"coauthors":[],"author_meta":{"author_link":"https:\/\/biz.prawko.pl\/portal\/blog\/author\/admin\/","display_name":"admin"},"relative_dates":{"created":"Posted 5 lat ago","modified":"Updated 8 miesi\u0119cy ago"},"absolute_dates":{"created":"Posted on 18 lutego 2021","modified":"Updated on 26 sierpnia 2025"},"absolute_dates_time":{"created":"Posted on 18 lutego 2021 11:40","modified":"Updated on 26 sierpnia 2025 13:54"},"featured_img_caption":"","featured_img":false,"series_order":"","_links":{"self":[{"href":"https:\/\/biz.prawko.pl\/portal\/wp-json\/wp\/v2\/pages\/3","targetHints":{"allow":["GET"]}}],"collection":[{"href":"https:\/\/biz.prawko.pl\/portal\/wp-json\/wp\/v2\/pages"}],"about":[{"href":"https:\/\/biz.prawko.pl\/portal\/wp-json\/wp\/v2\/types\/page"}],"author":[{"embeddable":true,"href":"https:\/\/biz.prawko.pl\/portal\/wp-json\/wp\/v2\/users\/1"}],"replies":[{"embeddable":true,"href":"https:\/\/biz.prawko.pl\/portal\/wp-json\/wp\/v2\/comments?post=3"}],"version-history":[{"count":9,"href":"https:\/\/biz.prawko.pl\/portal\/wp-json\/wp\/v2\/pages\/3\/revisions"}],"predecessor-version":[{"id":6609,"href":"https:\/\/biz.prawko.pl\/portal\/wp-json\/wp\/v2\/pages\/3\/revisions\/6609"}],"wp:attachment":[{"href":"https:\/\/biz.prawko.pl\/portal\/wp-json\/wp\/v2\/media?parent=3"}],"curies":[{"name":"wp","href":"https:\/\/api.w.org\/{rel}","templated":true}]}}